{"id":884,"date":"2019-09-13T10:17:41","date_gmt":"2019-09-13T08:17:41","guid":{"rendered":"https:\/\/finquesgascon.cat\/?page_id=884"},"modified":"2019-09-13T10:19:05","modified_gmt":"2019-09-13T08:19:05","slug":"alquiler","status":"publish","type":"page","link":"https:\/\/finquesgascon.cat\/es\/alquiler\/","title":{"rendered":"Alquiler"},"content":{"rendered":"\n<style type=\"text\/css\" data-created_by=\"avia_inline_auto\" id=\"style-css-av-av_heading-bed7eec68b734ee6c1e462850fdf1be5\">\n#top .av-special-heading.av-av_heading-bed7eec68b734ee6c1e462850fdf1be5{\npadding-bottom:10px;\n}\nbody .av-special-heading.av-av_heading-bed7eec68b734ee6c1e462850fdf1be5 .av-special-heading-tag .heading-char{\nfont-size:25px;\n}\n.av-special-heading.av-av_heading-bed7eec68b734ee6c1e462850fdf1be5 .av-subheading{\nfont-size:15px;\n}\n<\/style>\n<div  class='av-special-heading av-av_heading-bed7eec68b734ee6c1e462850fdf1be5 av-special-heading-h1  avia-builder-el-0  el_before_av_hr  avia-builder-el-first '><h1 class='av-special-heading-tag'  itemprop=\"headline\"  >Alquiler<\/h1><div class=\"special-heading-border\"><div class=\"special-heading-inner-border\"><\/div><\/div><\/div>\n\n<style type=\"text\/css\" data-created_by=\"avia_inline_auto\" id=\"style-css-av-av_hr-5ea7596238ed9f191e6b5e662093052f\">\n#top .hr.hr-invisible.av-av_hr-5ea7596238ed9f191e6b5e662093052f{\nheight:30px;\n}\n<\/style>\n<div  class='hr av-av_hr-5ea7596238ed9f191e6b5e662093052f hr-invisible  avia-builder-el-1  el_after_av_heading  el_before_av_one_half '><span class='hr-inner '><span class=\"hr-inner-style\"><\/span><\/span><\/div>\n<div  class='flex_column av-av_one_half-2a9015ff38129c418a3f2eafba3e9512 av_one_half  avia-builder-el-2  el_after_av_hr  el_before_av_one_half  first flex_column_div  '     ><p>\n<style type=\"text\/css\" data-created_by=\"avia_inline_auto\" id=\"style-css-av-av_iconlist-2266011ebaca02aedad0a0c1f53613f6\">\n#top .avia-icon-list-container.av-av_iconlist-2266011ebaca02aedad0a0c1f53613f6 .iconlist_icon{\ncolor:#ffffff;\nbackground-color:#2d5c88;\nborder:1px solid #2d5c88;\n}\n<\/style>\n<div  class='avia-icon-list-container av-av_iconlist-2266011ebaca02aedad0a0c1f53613f6  avia-builder-el-3  el_before_av_hr  avia-builder-el-first '><ul class='avia-icon-list avia_animate_when_almost_visible avia-icon-list-left av-iconlist-big av-av_iconlist-2266011ebaca02aedad0a0c1f53613f6 avia-iconlist-animate'>\n<li><div class='iconlist_icon av-av_iconlist_item-3ba3f3143ddf05cbb097a7ec2d8f7c03 avia-font-entypo-fontello'><span class='iconlist-char' aria-hidden='true' data-av_icon='\ue864' data-av_iconfont='entypo-fontello'><\/span><\/div><article class=\"article-icon-entry \"  itemscope=\"itemscope\" itemtype=\"https:\/\/schema.org\/CreativeWork\" ><div class=\"iconlist_content_wrap\"><header class=\"entry-content-header\"><h4 class='av_iconlist_title iconlist_title  '  itemprop=\"headline\" >Gesti\u00f3n Integral<\/h4><\/header><div class='iconlist_content '  itemprop=\"text\" ><p>Despreoc\u00fapese de todo lo relativo al alquiler de su vivienda. Le gestionamos el arrendamiento de su inmueble y lo administramos hasta su finalizaci\u00f3n.<\/p>\n<\/div><\/div><footer class=\"entry-footer\"><\/footer><\/article><div class=\"iconlist-timeline\"><\/div><\/li>\n<li><div class='iconlist_icon av-av_iconlist_item-4c60ffc7b4fdd51d6f0e06027c931c6e avia-font-fontello'><span class='iconlist-char' aria-hidden='true' data-av_icon='\uf153' data-av_iconfont='fontello'><\/span><\/div><article class=\"article-icon-entry \"  itemscope=\"itemscope\" itemtype=\"https:\/\/schema.org\/CreativeWork\" ><div class=\"iconlist_content_wrap\"><header class=\"entry-content-header\"><h4 class='av_iconlist_title iconlist_title  '  itemprop=\"headline\" >Valoraci\u00f3n del arrendamiento<\/h4><\/header><div class='iconlist_content '  itemprop=\"text\" ><p>Visitamos su propiedad, la valoramos y le asesoramos sobre el precio de alquiler m\u00e1s adecuado. Sin compromiso.<\/p>\n<\/div><\/div><footer class=\"entry-footer\"><\/footer><\/article><div class=\"iconlist-timeline\"><\/div><\/li>\n<li><div class='iconlist_icon av-av_iconlist_item-b4b0998d06273ee196dece0943dff994 avia-font-entypo-fontello'><span class='iconlist-char' aria-hidden='true' data-av_icon='\ue8d7' data-av_iconfont='entypo-fontello'><\/span><\/div><article class=\"article-icon-entry \"  itemscope=\"itemscope\" itemtype=\"https:\/\/schema.org\/CreativeWork\" ><div class=\"iconlist_content_wrap\"><header class=\"entry-content-header\"><h4 class='av_iconlist_title iconlist_title  '  itemprop=\"headline\" >Garant\u00eda de cobro<\/h4><\/header><div class='iconlist_content '  itemprop=\"text\" ><p>Le ofrecemos la posibilidad de contratar la garant\u00eda de cobro de su arrendamiento.<\/p>\n<\/div><\/div><footer class=\"entry-footer\"><\/footer><\/article><div class=\"iconlist-timeline\"><\/div><\/li>\n<li><div class='iconlist_icon av-av_iconlist_item-bf4114f3f8a93f586b7df9e6006e5abc avia-font-entypo-fontello'><span class='iconlist-char' aria-hidden='true' data-av_icon='\ue853' data-av_iconfont='entypo-fontello'><\/span><\/div><article class=\"article-icon-entry \"  itemscope=\"itemscope\" itemtype=\"https:\/\/schema.org\/CreativeWork\" ><div class=\"iconlist_content_wrap\"><header class=\"entry-content-header\"><h4 class='av_iconlist_title iconlist_title  '  itemprop=\"headline\" >Publicidad<\/h4><\/header><div class='iconlist_content '  itemprop=\"text\" ><p>Publicamos su propiedad en nuestra web, en numerosos portales y en los escaparates de nuestra oficina a pie de calle en el centro de Barcelona.<\/p>\n<\/div><\/div><footer class=\"entry-footer\"><\/footer><\/article><div class=\"iconlist-timeline\"><\/div><\/li>\n<li><div class='iconlist_icon av-av_iconlist_item-fbcd46325856bd02e37a0f79533bc4e0 avia-font-fontello'><span class='iconlist-char' aria-hidden='true' data-av_icon='\ue804' data-av_iconfont='fontello'><\/span><\/div><article class=\"article-icon-entry \"  itemscope=\"itemscope\" itemtype=\"https:\/\/schema.org\/CreativeWork\" ><div class=\"iconlist_content_wrap\"><header class=\"entry-content-header\"><h4 class='av_iconlist_title iconlist_title  '  itemprop=\"headline\" >Asesoramiento Legal<\/h4><\/header><div class='iconlist_content '  itemprop=\"text\" ><p>Nuestros colaboradores le proporcionar\u00e1n el asesoramiento espec\u00edfico necesario para cada operaci\u00f3n, as\u00ed como de los tr\u00e1mites a realizar y la mejor fiscalidad de la misma.<\/p>\n<\/div><\/div><footer class=\"entry-footer\"><\/footer><\/article><div class=\"iconlist-timeline\"><\/div><\/li>\n<\/ul><\/div><br \/>\n\n<style type=\"text\/css\" data-created_by=\"avia_inline_auto\" id=\"style-css-av-av_hr-5ea7596238ed9f191e6b5e662093052f\">\n#top .hr.hr-invisible.av-av_hr-5ea7596238ed9f191e6b5e662093052f{\nheight:30px;\n}\n<\/style>\n<div  class='hr av-av_hr-5ea7596238ed9f191e6b5e662093052f hr-invisible  avia-builder-el-4  el_after_av_iconlist  el_before_av_button '><span class='hr-inner '><span class=\"hr-inner-style\"><\/span><\/span><\/div><br \/>\n<div  class='avia-button-wrap av-av_button-ac6406aee370d96ecf67299f5d36d506-wrap avia-button-center  avia-builder-el-5  el_after_av_hr  el_before_av_hr '><a href='http:\/\/www.barcelona-apartment.com\/es\/apartments\/apartamentos-gran-de-gracia' class='avia-button av-av_button-ac6406aee370d96ecf67299f5d36d506 avia-icon_select-no avia-size-large avia-position-center avia-color-dark' target=\"_blank\" rel=\"noopener noreferrer\"><span class='avia_iconbox_title' >Apartamentos tur\u00edsticos<\/span><\/a><\/div><br \/>\n\n<style type=\"text\/css\" data-created_by=\"avia_inline_auto\" id=\"style-css-av-av_hr-bbe676ee29fcde2ee286114023beb888\">\n#top .hr.hr-invisible.av-av_hr-bbe676ee29fcde2ee286114023beb888{\nheight:15px;\n}\n<\/style>\n<div  class='hr av-av_hr-bbe676ee29fcde2ee286114023beb888 hr-invisible  avia-builder-el-6  el_after_av_button  el_before_av_button '><span class='hr-inner '><span class=\"hr-inner-style\"><\/span><\/span><\/div><br \/>\n<div  class='avia-button-wrap av-av_button-1b3eac4432e6657577806b5cb44699f3-wrap avia-button-center  avia-builder-el-7  el_after_av_hr  avia-builder-el-last '><a href='https:\/\/finquesgascon.cat\/es\/otros-servicios\/'  class='avia-button av-av_button-1b3eac4432e6657577806b5cb44699f3 avia-icon_select-no avia-size-large avia-position-center avia-color-theme-color'  ><span class='avia_iconbox_title' >Otros servicios<\/span><\/a><\/div><\/p><\/div>\n<div  class='flex_column av-av_one_half-75d3b6862cb92909ce7b9878f30b6cf9 av_one_half  avia-builder-el-8  el_after_av_one_half  avia-builder-el-last  flex_column_div  '     ><style type=\"text\/css\" data-created_by=\"avia_inline_auto\" id=\"style-css-av-av_image-57361ad606c6f46cb713cc6d77162c82\">\n.avia-image-container.av-av_image-57361ad606c6f46cb713cc6d77162c82 img.avia_image{\nbox-shadow:none;\n}\n.avia-image-container.av-av_image-57361ad606c6f46cb713cc6d77162c82 .av-image-caption-overlay-center{\ncolor:#ffffff;\n}\n<\/style>\n<div  class='avia-image-container av-av_image-57361ad606c6f46cb713cc6d77162c82 av-styling- avia-align-center  avia-builder-el-9  avia-builder-el-no-sibling '   itemprop=\"image\" itemscope=\"itemscope\" itemtype=\"https:\/\/schema.org\/ImageObject\" ><div class=\"avia-image-container-inner\"><div class=\"avia-image-overlay-wrap\"><img decoding=\"async\" class='wp-image-383 avia-img-lazy-loading-not-383 avia_image ' src=\"https:\/\/finquesgascon.cat\/wp-content\/uploads\/2018\/12\/kitchen-2174593_640.jpg\" alt='kitchen-2174593_640' title=''  height=\"418\" width=\"640\"  itemprop=\"thumbnailUrl\" srcset=\"https:\/\/finquesgascon.cat\/wp-content\/uploads\/2018\/12\/kitchen-2174593_640.jpg 640w, https:\/\/finquesgascon.cat\/wp-content\/uploads\/2018\/12\/kitchen-2174593_640-300x196.jpg 300w, https:\/\/finquesgascon.cat\/wp-content\/uploads\/2018\/12\/kitchen-2174593_640-600x392.jpg 600w\" sizes=\"(max-width: 640px) 100vw, 640px\" \/><\/div><\/div><\/div><\/div>\n","protected":false},"excerpt":{"rendered":"","protected":false},"author":1,"featured_media":0,"parent":0,"menu_order":500,"comment_status":"closed","ping_status":"closed","template":"","meta":[],"yoast_head":"<!-- This site is optimized with the Yoast SEO plugin v20.9 - https:\/\/yoast.com\/wordpress\/plugins\/seo\/ -->\n<title>Finques Gasc\u00f3n - Alquiler<\/title>\n<meta name=\"description\" content=\"Alquiler Gesti\u00f3n Integral Despreoc\u00fapese de todo lo relativo al alquiler de su vivienda\" \/>\n<meta name=\"robots\" content=\"index, follow, max-snippet:-1, max-image-preview:large, max-video-preview:-1\" \/>\n<link rel=\"canonical\" href=\"https:\/\/finquesgascon.cat\/es\/alquiler\/\" \/>\n<meta property=\"og:locale\" content=\"es_ES\" \/>\n<meta property=\"og:type\" content=\"article\" \/>\n<meta property=\"og:title\" content=\"Finques Gasc\u00f3n - Alquiler\" \/>\n<meta property=\"og:description\" content=\"Alquiler Gesti\u00f3n Integral Despreoc\u00fapese de todo lo relativo al alquiler de su vivienda\" \/>\n<meta property=\"og:url\" content=\"https:\/\/finquesgascon.cat\/es\/alquiler\/\" \/>\n<meta property=\"og:site_name\" content=\"Finques Gascon\" \/>\n<meta property=\"article:publisher\" content=\"https:\/\/www.facebook.com\/finquesgascon\/\" \/>\n<meta property=\"article:modified_time\" content=\"2019-09-13T08:19:05+00:00\" \/>\n<meta name=\"twitter:label1\" content=\"Tiempo de lectura\" \/>\n\t<meta name=\"twitter:data1\" content=\"3 minutos\" \/>\n<script type=\"application\/ld+json\" class=\"yoast-schema-graph\">{\"@context\":\"https:\/\/schema.org\",\"@graph\":[{\"@type\":\"WebPage\",\"@id\":\"https:\/\/finquesgascon.cat\/es\/alquiler\/\",\"url\":\"https:\/\/finquesgascon.cat\/es\/alquiler\/\",\"name\":\"Finques Gasc\u00f3n - Alquiler\",\"isPartOf\":{\"@id\":\"https:\/\/finquesgascon.cat\/#website\"},\"datePublished\":\"2019-09-13T08:17:41+00:00\",\"dateModified\":\"2019-09-13T08:19:05+00:00\",\"description\":\"Alquiler Gesti\u00f3n Integral Despreoc\u00fapese de todo lo relativo al alquiler de su vivienda\",\"breadcrumb\":{\"@id\":\"https:\/\/finquesgascon.cat\/es\/alquiler\/#breadcrumb\"},\"inLanguage\":\"es\",\"potentialAction\":[{\"@type\":\"ReadAction\",\"target\":[\"https:\/\/finquesgascon.cat\/es\/alquiler\/\"]}]},{\"@type\":\"BreadcrumbList\",\"@id\":\"https:\/\/finquesgascon.cat\/es\/alquiler\/#breadcrumb\",\"itemListElement\":[{\"@type\":\"ListItem\",\"position\":1,\"name\":\"Portada\",\"item\":\"https:\/\/finquesgascon.cat\/es\/inicio\/\"},{\"@type\":\"ListItem\",\"position\":2,\"name\":\"Alquiler\"}]},{\"@type\":\"WebSite\",\"@id\":\"https:\/\/finquesgascon.cat\/#website\",\"url\":\"https:\/\/finquesgascon.cat\/\",\"name\":\"Finques Gascon\",\"description\":\"Finques Gascon\",\"potentialAction\":[{\"@type\":\"SearchAction\",\"target\":{\"@type\":\"EntryPoint\",\"urlTemplate\":\"https:\/\/finquesgascon.cat\/?s={search_term_string}\"},\"query-input\":\"required name=search_term_string\"}],\"inLanguage\":\"es\"}]}<\/script>\n<!-- \/ Yoast SEO plugin. -->","yoast_head_json":{"title":"Finques Gasc\u00f3n - Alquiler","description":"Alquiler Gesti\u00f3n Integral Despreoc\u00fapese de todo lo relativo al alquiler de su vivienda","robots":{"index":"index","follow":"follow","max-snippet":"max-snippet:-1","max-image-preview":"max-image-preview:large","max-video-preview":"max-video-preview:-1"},"canonical":"https:\/\/finquesgascon.cat\/es\/alquiler\/","og_locale":"es_ES","og_type":"article","og_title":"Finques Gasc\u00f3n - Alquiler","og_description":"Alquiler Gesti\u00f3n Integral Despreoc\u00fapese de todo lo relativo al alquiler de su vivienda","og_url":"https:\/\/finquesgascon.cat\/es\/alquiler\/","og_site_name":"Finques Gascon","article_publisher":"https:\/\/www.facebook.com\/finquesgascon\/","article_modified_time":"2019-09-13T08:19:05+00:00","twitter_misc":{"Tiempo de lectura":"3 minutos"},"schema":{"@context":"https:\/\/schema.org","@graph":[{"@type":"WebPage","@id":"https:\/\/finquesgascon.cat\/es\/alquiler\/","url":"https:\/\/finquesgascon.cat\/es\/alquiler\/","name":"Finques Gasc\u00f3n - Alquiler","isPartOf":{"@id":"https:\/\/finquesgascon.cat\/#website"},"datePublished":"2019-09-13T08:17:41+00:00","dateModified":"2019-09-13T08:19:05+00:00","description":"Alquiler Gesti\u00f3n Integral Despreoc\u00fapese de todo lo relativo al alquiler de su vivienda","breadcrumb":{"@id":"https:\/\/finquesgascon.cat\/es\/alquiler\/#breadcrumb"},"inLanguage":"es","potentialAction":[{"@type":"ReadAction","target":["https:\/\/finquesgascon.cat\/es\/alquiler\/"]}]},{"@type":"BreadcrumbList","@id":"https:\/\/finquesgascon.cat\/es\/alquiler\/#breadcrumb","itemListElement":[{"@type":"ListItem","position":1,"name":"Portada","item":"https:\/\/finquesgascon.cat\/es\/inicio\/"},{"@type":"ListItem","position":2,"name":"Alquiler"}]},{"@type":"WebSite","@id":"https:\/\/finquesgascon.cat\/#website","url":"https:\/\/finquesgascon.cat\/","name":"Finques Gascon","description":"Finques Gascon","potentialAction":[{"@type":"SearchAction","target":{"@type":"EntryPoint","urlTemplate":"https:\/\/finquesgascon.cat\/?s={search_term_string}"},"query-input":"required name=search_term_string"}],"inLanguage":"es"}]}},"_links":{"self":[{"href":"https:\/\/finquesgascon.cat\/es\/wp-json\/wp\/v2\/pages\/884"}],"collection":[{"href":"https:\/\/finquesgascon.cat\/es\/wp-json\/wp\/v2\/pages"}],"about":[{"href":"https:\/\/finquesgascon.cat\/es\/wp-json\/wp\/v2\/types\/page"}],"author":[{"embeddable":true,"href":"https:\/\/finquesgascon.cat\/es\/wp-json\/wp\/v2\/users\/1"}],"replies":[{"embeddable":true,"href":"https:\/\/finquesgascon.cat\/es\/wp-json\/wp\/v2\/comments?post=884"}],"version-history":[{"count":4,"href":"https:\/\/finquesgascon.cat\/es\/wp-json\/wp\/v2\/pages\/884\/revisions"}],"predecessor-version":[{"id":1067,"href":"https:\/\/finquesgascon.cat\/es\/wp-json\/wp\/v2\/pages\/884\/revisions\/1067"}],"wp:attachment":[{"href":"https:\/\/finquesgascon.cat\/es\/wp-json\/wp\/v2\/media?parent=884"}],"curies":[{"name":"wp","href":"https:\/\/api.w.org\/{rel}","templated":true}]}}