{"id":305,"date":"2018-12-07T11:01:19","date_gmt":"2018-12-07T09:01:19","guid":{"rendered":"https:\/\/finquesgascon.cat\/?page_id=305"},"modified":"2019-09-17T14:41:43","modified_gmt":"2019-09-17T12:41:43","slug":"fincas","status":"publish","type":"page","link":"https:\/\/finquesgascon.cat\/es\/fincas\/","title":{"rendered":"Fincas"},"content":{"rendered":"\n<style type=\"text\/css\" data-created_by=\"avia_inline_auto\" id=\"style-css-av-av_heading-5cd0630921538cfe8b83c9f81c2255a9\">\n#top .av-special-heading.av-av_heading-5cd0630921538cfe8b83c9f81c2255a9{\npadding-bottom:10px;\n}\nbody .av-special-heading.av-av_heading-5cd0630921538cfe8b83c9f81c2255a9 .av-special-heading-tag .heading-char{\nfont-size:25px;\n}\n.av-special-heading.av-av_heading-5cd0630921538cfe8b83c9f81c2255a9 .av-subheading{\nfont-size:15px;\n}\n<\/style>\n<div  class='av-special-heading av-av_heading-5cd0630921538cfe8b83c9f81c2255a9 av-special-heading-h1  avia-builder-el-0  el_before_av_hr  avia-builder-el-first '><h1 class='av-special-heading-tag'  itemprop=\"headline\"  >Administraci\u00f3n de fincas<\/h1><div class=\"special-heading-border\"><div class=\"special-heading-inner-border\"><\/div><\/div><\/div>\n\n<style type=\"text\/css\" data-created_by=\"avia_inline_auto\" id=\"style-css-av-av_hr-5ea7596238ed9f191e6b5e662093052f\">\n#top .hr.hr-invisible.av-av_hr-5ea7596238ed9f191e6b5e662093052f{\nheight:30px;\n}\n<\/style>\n<div  class='hr av-av_hr-5ea7596238ed9f191e6b5e662093052f hr-invisible  avia-builder-el-1  el_after_av_heading  el_before_av_one_half '><span class='hr-inner '><span class=\"hr-inner-style\"><\/span><\/span><\/div>\n<div  class='flex_column av-av_one_half-2a9015ff38129c418a3f2eafba3e9512 av_one_half  avia-builder-el-2  el_after_av_hr  el_before_av_one_half  first flex_column_div  '     ><p>\n<style type=\"text\/css\" data-created_by=\"avia_inline_auto\" id=\"style-css-av-av_iconlist-2266011ebaca02aedad0a0c1f53613f6\">\n#top .avia-icon-list-container.av-av_iconlist-2266011ebaca02aedad0a0c1f53613f6 .iconlist_icon{\ncolor:#ffffff;\nbackground-color:#2d5c88;\nborder:1px solid #2d5c88;\n}\n<\/style>\n<div  class='avia-icon-list-container av-av_iconlist-2266011ebaca02aedad0a0c1f53613f6  avia-builder-el-3  el_before_av_hr  avia-builder-el-first '><ul class='avia-icon-list avia_animate_when_almost_visible avia-icon-list-left av-iconlist-big av-av_iconlist-2266011ebaca02aedad0a0c1f53613f6 avia-iconlist-animate'>\n<li><div class='iconlist_icon av-av_iconlist_item-b44d734e750115c4b990846962a8ce66 avia-font-fontello'><span class='iconlist-char' aria-hidden='true' data-av_icon='\uf153' data-av_iconfont='fontello'><\/span><\/div><article class=\"article-icon-entry \"  itemscope=\"itemscope\" itemtype=\"https:\/\/schema.org\/CreativeWork\" ><div class=\"iconlist_content_wrap\"><header class=\"entry-content-header\"><h4 class='av_iconlist_title iconlist_title  '  itemprop=\"headline\" >Control econ\u00f3mico<\/h4><\/header><div class='iconlist_content '  itemprop=\"text\" ><ul>\n<li>Informaci\u00f3n econ\u00f3mica actualizada e inmediata, tanto del saldo comunitario como de cada pago y cobro realizado.<\/li>\n<li>Confecci\u00f3n del presupuesto de gastos ordinarios anuales.<\/li>\n<li>Control y cobro de cuatro provisiones de fondos, m\u00e1s de otra provisi\u00f3n de liquidaci\u00f3n del saldo resultante del ejercicio.<\/li>\n<li>Control y presentaci\u00f3n de cuentas, liquidaci\u00f3n de gastos y cobros ordinarios anuales de manera conjunta e individualizada por departamento y copropietario.<\/li>\n<\/ul>\n<\/div><\/div><footer class=\"entry-footer\"><\/footer><\/article><div class=\"iconlist-timeline\"><\/div><\/li>\n<li><div class='iconlist_icon av-av_iconlist_item-c6a45716cafb1949f7e68f5733273807 avia-font-fontello'><span class='iconlist-char' aria-hidden='true' data-av_icon='\ue800' data-av_iconfont='fontello'><\/span><\/div><article class=\"article-icon-entry \"  itemscope=\"itemscope\" itemtype=\"https:\/\/schema.org\/CreativeWork\" ><div class=\"iconlist_content_wrap\"><header class=\"entry-content-header\"><h4 class='av_iconlist_title iconlist_title  '  itemprop=\"headline\" >Gesti\u00f3n administrativa<\/h4><\/header><div class='iconlist_content '  itemprop=\"text\" ><ul>\n<li>Asistencia a la Junta Ordinaria y levantamiento de Acta.<\/li>\n<li>Confecci\u00f3n y notificaci\u00f3n de convocatorias y Actas.<\/li>\n<li>Custodia de la documentaci\u00f3n comunitaria de los \u00faltimos cinco a\u00f1os y de la documentaci\u00f3n fija constitutiva.<\/li>\n<li>Control de empleados comunitarios.<\/li>\n<li>Asesoramiento que sea necesario a los copropietarios y sobretodo al Presidente de la Comunidad.<\/li>\n<\/ul>\n<\/div><\/div><footer class=\"entry-footer\"><\/footer><\/article><div class=\"iconlist-timeline\"><\/div><\/li>\n<li><div class='iconlist_icon av-av_iconlist_item-3afaa9c295f06a243e1f89f15e8d9865 avia-font-fontello'><span class='iconlist-char' aria-hidden='true' data-av_icon='\ue802' data-av_iconfont='fontello'><\/span><\/div><article class=\"article-icon-entry \"  itemscope=\"itemscope\" itemtype=\"https:\/\/schema.org\/CreativeWork\" ><div class=\"iconlist_content_wrap\"><header class=\"entry-content-header\"><h4 class='av_iconlist_title iconlist_title  '  itemprop=\"headline\" >Resoluci\u00f3n de incidencias<\/h4><\/header><div class='iconlist_content '  itemprop=\"text\" ><ul>\n<li>Atenci\u00f3n, en las horas convenidas, de todas las incidencias comunitarias que se presenten, as\u00ed como su gesti\u00f3n y control.<\/li>\n<li>Especial seguimiento y gesti\u00f3n frente de los posibles morosos.<\/li>\n<li>Control y gestiones encomendadas a los industriales y profesionales externos al servicio de la comunidad as\u00ed como comparaci\u00f3n de presupuestos y negociaci\u00f3n de las condiciones de pago.<\/li>\n<li>Control y seguimiento de los siniestros comunitarios, tanto con la compa\u00f1\u00eda como con la corredur\u00eda de seguros.<\/li>\n<li>Tomar, en ausencia del Presidente o de los miembros de la Comisi\u00f3n de Gobierno, las medidas urgentes necesarias para evitar un mal menor e informar inmediatamente a estos y al resto de copropietarios.<\/li>\n<li>En general, velar por la buena convivencia y funcionamiento de la Comunidad.<\/li>\n<\/ul>\n<\/div><\/div><footer class=\"entry-footer\"><\/footer><\/article><div class=\"iconlist-timeline\"><\/div><\/li>\n<\/ul><\/div><br \/>\n\n<style type=\"text\/css\" data-created_by=\"avia_inline_auto\" id=\"style-css-av-av_hr-5ea7596238ed9f191e6b5e662093052f\">\n#top .hr.hr-invisible.av-av_hr-5ea7596238ed9f191e6b5e662093052f{\nheight:30px;\n}\n<\/style>\n<div  class='hr av-av_hr-5ea7596238ed9f191e6b5e662093052f hr-invisible  avia-builder-el-4  el_after_av_iconlist  el_before_av_button '><span class='hr-inner '><span class=\"hr-inner-style\"><\/span><\/span><\/div><br \/>\n<div  class='avia-button-wrap av-av_button-0b52a85a6597a00dffdd7c52cf760c8d-wrap avia-button-center  avia-builder-el-5  el_after_av_hr  avia-builder-el-last '><a href='https:\/\/finquesgascon.cat\/es\/venta\/'  class='avia-button av-av_button-0b52a85a6597a00dffdd7c52cf760c8d avia-icon_select-no avia-size-large avia-position-center avia-color-theme-color'  ><span class='avia_iconbox_title' >Venta<\/span><\/a><\/div><\/p><\/div><div  class='flex_column av-av_one_half-75d3b6862cb92909ce7b9878f30b6cf9 av_one_half  avia-builder-el-6  el_after_av_one_half  avia-builder-el-last  flex_column_div  '     ><p>\n<style type=\"text\/css\" data-created_by=\"avia_inline_auto\" id=\"style-css-av-av_hr-5ea7596238ed9f191e6b5e662093052f\">\n#top .hr.hr-invisible.av-av_hr-5ea7596238ed9f191e6b5e662093052f{\nheight:30px;\n}\n<\/style>\n<div  class='hr av-av_hr-5ea7596238ed9f191e6b5e662093052f hr-invisible  avia-builder-el-7  el_before_av_image  avia-builder-el-first '><span class='hr-inner '><span class=\"hr-inner-style\"><\/span><\/span><\/div><br \/>\n\n<style type=\"text\/css\" data-created_by=\"avia_inline_auto\" id=\"style-css-av-av_image-72b4629fc6b3ce0c831bdff39d767383\">\n.avia-image-container.av-av_image-72b4629fc6b3ce0c831bdff39d767383 img.avia_image{\nbox-shadow:none;\n}\n.avia-image-container.av-av_image-72b4629fc6b3ce0c831bdff39d767383 .av-image-caption-overlay-center{\ncolor:#ffffff;\n}\n<\/style>\n<div  class='avia-image-container av-av_image-72b4629fc6b3ce0c831bdff39d767383 av-styling- av-hover-grow avia-align-center  avia-builder-el-8  el_after_av_hr  avia-builder-el-last '   itemprop=\"image\" itemscope=\"itemscope\" itemtype=\"https:\/\/schema.org\/ImageObject\" ><div class=\"avia-image-container-inner\"><div class=\"avia-image-overlay-wrap\"><img decoding=\"async\" class='wp-image-794 avia-img-lazy-loading-not-794 avia_image ' src=\"https:\/\/finquesgascon.cat\/wp-content\/uploads\/2019\/07\/roger-lluria024-1030x773.jpg\" alt='roger lluria024' title=''  height=\"773\" width=\"1030\"  itemprop=\"thumbnailUrl\" srcset=\"https:\/\/finquesgascon.cat\/wp-content\/uploads\/2019\/07\/roger-lluria024-1030x773.jpg 1030w, https:\/\/finquesgascon.cat\/wp-content\/uploads\/2019\/07\/roger-lluria024-300x225.jpg 300w, https:\/\/finquesgascon.cat\/wp-content\/uploads\/2019\/07\/roger-lluria024-768x576.jpg 768w, https:\/\/finquesgascon.cat\/wp-content\/uploads\/2019\/07\/roger-lluria024-1500x1125.jpg 1500w, https:\/\/finquesgascon.cat\/wp-content\/uploads\/2019\/07\/roger-lluria024-705x529.jpg 705w, https:\/\/finquesgascon.cat\/wp-content\/uploads\/2019\/07\/roger-lluria024-600x450.jpg 600w\" sizes=\"(max-width: 1030px) 100vw, 1030px\" \/><\/div><\/div><\/div><\/p><\/div><\/p>\n","protected":false},"excerpt":{"rendered":"","protected":false},"author":1,"featured_media":0,"parent":0,"menu_order":100,"comment_status":"closed","ping_status":"closed","template":"","meta":[],"yoast_head":"<!-- This site is optimized with the Yoast SEO plugin v20.9 - https:\/\/yoast.com\/wordpress\/plugins\/seo\/ -->\n<title>Finques Gasc\u00f3n - Fincas<\/title>\n<meta name=\"description\" content=\"Administraci\u00f3n de fincas Seguimiento Econ\u00f3mico Informaci\u00f3n econ\u00f3mica actualizada e inmediata.\" \/>\n<meta name=\"robots\" content=\"index, follow, max-snippet:-1, max-image-preview:large, max-video-preview:-1\" \/>\n<link rel=\"canonical\" href=\"https:\/\/finquesgascon.cat\/es\/fincas\/\" \/>\n<meta property=\"og:locale\" content=\"es_ES\" \/>\n<meta property=\"og:type\" content=\"article\" \/>\n<meta property=\"og:title\" content=\"Finques Gasc\u00f3n - Fincas\" \/>\n<meta property=\"og:description\" content=\"Administraci\u00f3n de fincas Seguimiento Econ\u00f3mico Informaci\u00f3n econ\u00f3mica actualizada e inmediata.\" \/>\n<meta property=\"og:url\" content=\"https:\/\/finquesgascon.cat\/es\/fincas\/\" \/>\n<meta property=\"og:site_name\" content=\"Finques Gascon\" \/>\n<meta property=\"article:publisher\" content=\"https:\/\/www.facebook.com\/finquesgascon\/\" \/>\n<meta property=\"article:modified_time\" content=\"2019-09-17T12:41:43+00:00\" \/>\n<meta name=\"twitter:label1\" content=\"Tiempo de lectura\" \/>\n\t<meta name=\"twitter:data1\" content=\"3 minutos\" \/>\n<script type=\"application\/ld+json\" class=\"yoast-schema-graph\">{\"@context\":\"https:\/\/schema.org\",\"@graph\":[{\"@type\":\"WebPage\",\"@id\":\"https:\/\/finquesgascon.cat\/es\/fincas\/\",\"url\":\"https:\/\/finquesgascon.cat\/es\/fincas\/\",\"name\":\"Finques Gasc\u00f3n - Fincas\",\"isPartOf\":{\"@id\":\"https:\/\/finquesgascon.cat\/#website\"},\"datePublished\":\"2018-12-07T09:01:19+00:00\",\"dateModified\":\"2019-09-17T12:41:43+00:00\",\"description\":\"Administraci\u00f3n de fincas Seguimiento Econ\u00f3mico Informaci\u00f3n econ\u00f3mica actualizada e inmediata.\",\"breadcrumb\":{\"@id\":\"https:\/\/finquesgascon.cat\/es\/fincas\/#breadcrumb\"},\"inLanguage\":\"es\",\"potentialAction\":[{\"@type\":\"ReadAction\",\"target\":[\"https:\/\/finquesgascon.cat\/es\/fincas\/\"]}]},{\"@type\":\"BreadcrumbList\",\"@id\":\"https:\/\/finquesgascon.cat\/es\/fincas\/#breadcrumb\",\"itemListElement\":[{\"@type\":\"ListItem\",\"position\":1,\"name\":\"Portada\",\"item\":\"https:\/\/finquesgascon.cat\/es\/inicio\/\"},{\"@type\":\"ListItem\",\"position\":2,\"name\":\"Fincas\"}]},{\"@type\":\"WebSite\",\"@id\":\"https:\/\/finquesgascon.cat\/#website\",\"url\":\"https:\/\/finquesgascon.cat\/\",\"name\":\"Finques Gascon\",\"description\":\"Finques Gascon\",\"potentialAction\":[{\"@type\":\"SearchAction\",\"target\":{\"@type\":\"EntryPoint\",\"urlTemplate\":\"https:\/\/finquesgascon.cat\/?s={search_term_string}\"},\"query-input\":\"required name=search_term_string\"}],\"inLanguage\":\"es\"}]}<\/script>\n<!-- \/ Yoast SEO plugin. -->","yoast_head_json":{"title":"Finques Gasc\u00f3n - Fincas","description":"Administraci\u00f3n de fincas Seguimiento Econ\u00f3mico Informaci\u00f3n econ\u00f3mica actualizada e inmediata.","robots":{"index":"index","follow":"follow","max-snippet":"max-snippet:-1","max-image-preview":"max-image-preview:large","max-video-preview":"max-video-preview:-1"},"canonical":"https:\/\/finquesgascon.cat\/es\/fincas\/","og_locale":"es_ES","og_type":"article","og_title":"Finques Gasc\u00f3n - Fincas","og_description":"Administraci\u00f3n de fincas Seguimiento Econ\u00f3mico Informaci\u00f3n econ\u00f3mica actualizada e inmediata.","og_url":"https:\/\/finquesgascon.cat\/es\/fincas\/","og_site_name":"Finques Gascon","article_publisher":"https:\/\/www.facebook.com\/finquesgascon\/","article_modified_time":"2019-09-17T12:41:43+00:00","twitter_misc":{"Tiempo de lectura":"3 minutos"},"schema":{"@context":"https:\/\/schema.org","@graph":[{"@type":"WebPage","@id":"https:\/\/finquesgascon.cat\/es\/fincas\/","url":"https:\/\/finquesgascon.cat\/es\/fincas\/","name":"Finques Gasc\u00f3n - Fincas","isPartOf":{"@id":"https:\/\/finquesgascon.cat\/#website"},"datePublished":"2018-12-07T09:01:19+00:00","dateModified":"2019-09-17T12:41:43+00:00","description":"Administraci\u00f3n de fincas Seguimiento Econ\u00f3mico Informaci\u00f3n econ\u00f3mica actualizada e inmediata.","breadcrumb":{"@id":"https:\/\/finquesgascon.cat\/es\/fincas\/#breadcrumb"},"inLanguage":"es","potentialAction":[{"@type":"ReadAction","target":["https:\/\/finquesgascon.cat\/es\/fincas\/"]}]},{"@type":"BreadcrumbList","@id":"https:\/\/finquesgascon.cat\/es\/fincas\/#breadcrumb","itemListElement":[{"@type":"ListItem","position":1,"name":"Portada","item":"https:\/\/finquesgascon.cat\/es\/inicio\/"},{"@type":"ListItem","position":2,"name":"Fincas"}]},{"@type":"WebSite","@id":"https:\/\/finquesgascon.cat\/#website","url":"https:\/\/finquesgascon.cat\/","name":"Finques Gascon","description":"Finques Gascon","potentialAction":[{"@type":"SearchAction","target":{"@type":"EntryPoint","urlTemplate":"https:\/\/finquesgascon.cat\/?s={search_term_string}"},"query-input":"required name=search_term_string"}],"inLanguage":"es"}]}},"_links":{"self":[{"href":"https:\/\/finquesgascon.cat\/es\/wp-json\/wp\/v2\/pages\/305"}],"collection":[{"href":"https:\/\/finquesgascon.cat\/es\/wp-json\/wp\/v2\/pages"}],"about":[{"href":"https:\/\/finquesgascon.cat\/es\/wp-json\/wp\/v2\/types\/page"}],"author":[{"embeddable":true,"href":"https:\/\/finquesgascon.cat\/es\/wp-json\/wp\/v2\/users\/1"}],"replies":[{"embeddable":true,"href":"https:\/\/finquesgascon.cat\/es\/wp-json\/wp\/v2\/comments?post=305"}],"version-history":[{"count":10,"href":"https:\/\/finquesgascon.cat\/es\/wp-json\/wp\/v2\/pages\/305\/revisions"}],"predecessor-version":[{"id":1117,"href":"https:\/\/finquesgascon.cat\/es\/wp-json\/wp\/v2\/pages\/305\/revisions\/1117"}],"wp:attachment":[{"href":"https:\/\/finquesgascon.cat\/es\/wp-json\/wp\/v2\/media?parent=305"}],"curies":[{"name":"wp","href":"https:\/\/api.w.org\/{rel}","templated":true}]}}